{"id":5324,"date":"2020-11-01T19:53:16","date_gmt":"2020-11-01T18:53:16","guid":{"rendered":"https:\/\/www.parczooreynou.com\/?post_type=animal&#038;p=5324"},"modified":"2022-12-23T12:19:49","modified_gmt":"2022-12-23T11:19:49","slug":"porc-cul-noir","status":"publish","type":"animal","link":"https:\/\/parczooreynou.com\/en\/animal\/porc-cul-noir\/","title":{"rendered":"Porc cul noir"},"content":{"rendered":"<p>[et_pb_section fb_built=&#8221;1&#8243; _builder_version=&#8221;4.4.8&#8243; custom_padding=&#8221;26px||26px||true|false&#8221; global_colors_info=&#8221;{}&#8221; theme_builder_area=&#8221;et_body_layout&#8221;][et_pb_row column_structure=&#8221;1_6,1_6,1_6,1_6,1_6,1_6&#8243; _builder_version=&#8221;4.4.8&#8243; module_alignment=&#8221;center&#8221; custom_margin=&#8221;0px||||false|false&#8221; custom_padding=&#8221;0px||||false|false&#8221; global_colors_info=&#8221;{}&#8221; theme_builder_area=&#8221;et_body_layout&#8221;][et_pb_column type=&#8221;1_6&#8243; _builder_version=&#8221;4.4.8&#8243; global_colors_info=&#8221;{}&#8221; theme_builder_area=&#8221;et_body_layout&#8221;][et_pb_image src=&#8221;http:\/\/parczooreynou.com\/wp-content\/uploads\/2020\/08\/taille.svg&#8221; title_text=&#8221;taille&#8221; show_bottom_space=&#8221;off&#8221; align=&#8221;center&#8221; _builder_version=&#8221;4.4.8&#8243; width=&#8221;80%&#8221; module_alignment=&#8221;center&#8221; custom_margin=&#8221;0px||||false|false&#8221; custom_padding=&#8221;0px||||false|false&#8221; global_colors_info=&#8221;{}&#8221; theme_builder_area=&#8221;et_body_layout&#8221;][\/et_pb_image][et_pb_text _builder_version=&#8221;4.14.1&#8243; text_line_height=&#8221;1em&#8221; header_text_align=&#8221;center&#8221; text_orientation=&#8221;center&#8221; width=&#8221;100%&#8221; max_width=&#8221;100%&#8221; custom_margin=&#8221;0px||||false|false&#8221; custom_padding=&#8221;0px||||false|false&#8221; hover_enabled=&#8221;0&#8243; global_colors_info=&#8221;{}&#8221; theme_builder_area=&#8221;et_body_layout&#8221; sticky_enabled=&#8221;0&#8243;]<\/p>\n<p style=\"text-align: center;\"><strong>90 CM DE HAUT ET 180 CM DE LONG<\/strong><\/p>\n<p>[\/et_pb_text][\/et_pb_column][et_pb_column type=&#8221;1_6&#8243; _builder_version=&#8221;4.4.8&#8243; global_colors_info=&#8221;{}&#8221; theme_builder_area=&#8221;et_body_layout&#8221;][et_pb_image src=&#8221;http:\/\/parczooreynou.com\/wp-content\/uploads\/2020\/08\/poid.svg&#8221; title_text=&#8221;poid&#8221; show_bottom_space=&#8221;off&#8221; align=&#8221;center&#8221; _builder_version=&#8221;4.4.8&#8243; width=&#8221;80%&#8221; module_alignment=&#8221;center&#8221; custom_margin=&#8221;0px||||false|false&#8221; custom_padding=&#8221;0px||||false|false&#8221; global_colors_info=&#8221;{}&#8221; theme_builder_area=&#8221;et_body_layout&#8221;][\/et_pb_image][et_pb_text _builder_version=&#8221;4.14.1&#8243; text_font=&#8221;|||on|||||&#8221; text_line_height=&#8221;1em&#8221; header_text_align=&#8221;center&#8221; text_orientation=&#8221;center&#8221; width=&#8221;100%&#8221; max_width=&#8221;100%&#8221; custom_margin=&#8221;0px||||false|false&#8221; custom_padding=&#8221;0px||||false|false&#8221; hover_enabled=&#8221;0&#8243; global_colors_info=&#8221;{}&#8221; theme_builder_area=&#8221;et_body_layout&#8221; sticky_enabled=&#8221;0&#8243;]<\/p>\n<p><strong>200 kg<\/strong><\/p>\n<p>[\/et_pb_text][\/et_pb_column][et_pb_column type=&#8221;1_6&#8243; _builder_version=&#8221;4.4.8&#8243; global_colors_info=&#8221;{}&#8221; theme_builder_area=&#8221;et_body_layout&#8221;][et_pb_image src=&#8221;http:\/\/parczooreynou.com\/wp-content\/uploads\/2020\/08\/vie.svg&#8221; title_text=&#8221;vie&#8221; show_bottom_space=&#8221;off&#8221; align=&#8221;center&#8221; _builder_version=&#8221;4.4.8&#8243; width=&#8221;80%&#8221; module_alignment=&#8221;center&#8221; custom_margin=&#8221;0px||||false|false&#8221; custom_padding=&#8221;0px||||false|false&#8221; global_colors_info=&#8221;{}&#8221; theme_builder_area=&#8221;et_body_layout&#8221;][\/et_pb_image][et_pb_text _builder_version=&#8221;4.14.1&#8243; text_font=&#8221;|||on|||||&#8221; text_line_height=&#8221;1em&#8221; header_text_align=&#8221;center&#8221; text_orientation=&#8221;center&#8221; width=&#8221;100%&#8221; max_width=&#8221;100%&#8221; custom_margin=&#8221;0px||||false|false&#8221; custom_padding=&#8221;0px||||false|false&#8221; hover_enabled=&#8221;0&#8243; global_colors_info=&#8221;{}&#8221; theme_builder_area=&#8221;et_body_layout&#8221; sticky_enabled=&#8221;0&#8243;][\/et_pb_text][\/et_pb_column][et_pb_column type=&#8221;1_6&#8243; _builder_version=&#8221;4.4.8&#8243; global_colors_info=&#8221;{}&#8221; theme_builder_area=&#8221;et_body_layout&#8221;][et_pb_image src=&#8221;http:\/\/parczooreynou.com\/wp-content\/uploads\/2020\/08\/maturite.svg&#8221; title_text=&#8221;maturite&#8221; show_bottom_space=&#8221;off&#8221; align=&#8221;center&#8221; _builder_version=&#8221;4.4.8&#8243; width=&#8221;80%&#8221; module_alignment=&#8221;center&#8221; custom_margin=&#8221;0px||||false|false&#8221; custom_padding=&#8221;0px||||false|false&#8221; global_colors_info=&#8221;{}&#8221; theme_builder_area=&#8221;et_body_layout&#8221;][\/et_pb_image][et_pb_text _builder_version=&#8221;4.14.1&#8243; text_font=&#8221;|||on|||||&#8221; text_line_height=&#8221;1em&#8221; header_text_align=&#8221;center&#8221; text_orientation=&#8221;center&#8221; width=&#8221;100%&#8221; max_width=&#8221;100%&#8221; custom_margin=&#8221;0px||||false|false&#8221; custom_padding=&#8221;0px||||false|false&#8221; hover_enabled=&#8221;0&#8243; global_colors_info=&#8221;{}&#8221; theme_builder_area=&#8221;et_body_layout&#8221; sticky_enabled=&#8221;0&#8243;][\/et_pb_text][\/et_pb_column][et_pb_column type=&#8221;1_6&#8243; _builder_version=&#8221;4.4.8&#8243; global_colors_info=&#8221;{}&#8221; theme_builder_area=&#8221;et_body_layout&#8221;][et_pb_image src=&#8221;http:\/\/parczooreynou.com\/wp-content\/uploads\/2020\/08\/gestation-3.svg&#8221; title_text=&#8221;gestation&#8221; show_bottom_space=&#8221;off&#8221; align=&#8221;center&#8221; _builder_version=&#8221;4.4.8&#8243; width=&#8221;80%&#8221; module_alignment=&#8221;center&#8221; custom_margin=&#8221;0px||||false|false&#8221; custom_padding=&#8221;0px||||false|false&#8221; global_colors_info=&#8221;{}&#8221; theme_builder_area=&#8221;et_body_layout&#8221;][\/et_pb_image][et_pb_text _builder_version=&#8221;4.14.1&#8243; text_font=&#8221;|||on|||||&#8221; text_line_height=&#8221;1em&#8221; header_text_align=&#8221;center&#8221; text_orientation=&#8221;center&#8221; width=&#8221;100%&#8221; max_width=&#8221;100%&#8221; custom_margin=&#8221;0px||||false|false&#8221; custom_padding=&#8221;0px||||false|false&#8221; hover_enabled=&#8221;0&#8243; global_colors_info=&#8221;{}&#8221; theme_builder_area=&#8221;et_body_layout&#8221; sticky_enabled=&#8221;0&#8243;]<\/p>\n<p><strong>115 jours de gestation<\/strong><\/p>\n<p>[\/et_pb_text][\/et_pb_column][et_pb_column type=&#8221;1_6&#8243; _builder_version=&#8221;4.4.8&#8243; global_colors_info=&#8221;{}&#8221; theme_builder_area=&#8221;et_body_layout&#8221;][et_pb_image src=&#8221;http:\/\/parczooreynou.com\/wp-content\/uploads\/2020\/08\/regime.svg&#8221; title_text=&#8221;regime&#8221; show_bottom_space=&#8221;off&#8221; align=&#8221;center&#8221; _builder_version=&#8221;4.4.8&#8243; width=&#8221;80%&#8221; module_alignment=&#8221;center&#8221; custom_margin=&#8221;0px||||false|false&#8221; custom_padding=&#8221;0px||||false|false&#8221; global_colors_info=&#8221;{}&#8221; theme_builder_area=&#8221;et_body_layout&#8221;][\/et_pb_image][et_pb_text _builder_version=&#8221;4.4.8&#8243; text_font=&#8221;|||on|||||&#8221; text_line_height=&#8221;1em&#8221; header_text_align=&#8221;center&#8221; text_orientation=&#8221;center&#8221; width=&#8221;100%&#8221; max_width=&#8221;100%&#8221; custom_margin=&#8221;0px||||false|false&#8221; custom_padding=&#8221;0px||||false|false&#8221; global_colors_info=&#8221;{}&#8221; theme_builder_area=&#8221;et_body_layout&#8221;]<\/p>\n<p><strong>omnivore<\/strong><\/p>\n<p>[\/et_pb_text][\/et_pb_column][\/et_pb_row][et_pb_row _builder_version=&#8221;4.4.7&#8243; global_colors_info=&#8221;{}&#8221; theme_builder_area=&#8221;et_body_layout&#8221;][et_pb_column type=&#8221;4_4&#8243; _builder_version=&#8221;4.4.7&#8243; global_colors_info=&#8221;{}&#8221; theme_builder_area=&#8221;et_body_layout&#8221;][et_pb_text _builder_version=&#8221;4.14.1&#8243; hover_enabled=&#8221;0&#8243; global_colors_info=&#8221;{}&#8221; theme_builder_area=&#8221;et_body_layout&#8221; sticky_enabled=&#8221;0&#8243;]<\/p>\n<p>Race typiquement limousine, le Porc Cul Noir existe depuis la fin du 19\u00e8me si\u00e8cle. Sa croissance lente le m\u00e8ne presque \u00e0 l\u2019extinction dans les ann\u00e9es 70\u00a0: face au d\u00e9veloppement de l\u2019\u00e9levage industriel, la race est d\u00e9laiss\u00e9e. Ses faibles exigences alimentaires, sa rusticit\u00e9 et sa capacit\u00e9 \u00e0 la marche sont aujourd\u2019hui des atouts. De m\u00eame, sa croissance lente favorise la qualit\u00e9 de sa viande. Sa chair et son gras sont particuli\u00e8rement appr\u00e9ci\u00e9s en cuisine\u00a0: le Limousin doit au Porc Cul Noir nombre de ses sp\u00e9cialit\u00e9s gastronomiques.<\/p>\n<p>[\/et_pb_text][\/et_pb_column][\/et_pb_row][\/et_pb_section][et_pb_section fb_built=&#8221;1&#8243; _builder_version=&#8221;4.4.8&#8243; saved_tabs=&#8221;all&#8221; global_colors_info=&#8221;{}&#8221; theme_builder_area=&#8221;et_body_layout&#8221;][et_pb_row column_structure=&#8221;1_2,1_2&#8243; _builder_version=&#8221;4.4.3&#8243; custom_margin=&#8221;15px||||false|false&#8221; global_colors_info=&#8221;{}&#8221; theme_builder_area=&#8221;et_body_layout&#8221;][et_pb_column type=&#8221;1_2&#8243; _builder_version=&#8221;4.4.3&#8243; global_colors_info=&#8221;{}&#8221; theme_builder_area=&#8221;et_body_layout&#8221;][et_pb_image src=&#8221;http:\/\/parczooreynou.com\/wp-content\/uploads\/2022\/12\/carte-porc-cul-noir.png&#8221; title_text=&#8221;carte-porc-cul-noir&#8221; _builder_version=&#8221;4.14.1&#8243; hover_enabled=&#8221;0&#8243; global_colors_info=&#8221;{}&#8221; theme_builder_area=&#8221;et_body_layout&#8221; sticky_enabled=&#8221;0&#8243;][\/et_pb_image][\/et_pb_column][et_pb_column type=&#8221;1_2&#8243; _builder_version=&#8221;4.4.3&#8243; global_colors_info=&#8221;{}&#8221; theme_builder_area=&#8221;et_body_layout&#8221;][et_pb_text _builder_version=&#8221;4.4.8&#8243; text_font=&#8221;|600||on|||||&#8221; text_text_color=&#8221;#ffffff&#8221; text_line_height=&#8221;1.5em&#8221; header_font=&#8221;|600||on|||||&#8221; header_3_font=&#8221;|600||on|||||&#8221; background_color=&#8221;#ee5005&#8243; height=&#8221;45px&#8221; height_tablet=&#8221;&#8221; height_phone=&#8221;auto&#8221; height_last_edited=&#8221;on|desktop&#8221; custom_margin=&#8221;0px|0px|0px|0px|true|true&#8221; custom_padding=&#8221;14px|14px|14px|14px|true|true&#8221; global_colors_info=&#8221;{}&#8221; theme_builder_area=&#8221;et_body_layout&#8221;]<\/p>\n<h3>CLASSIFICATION DES ESP\u00c8CES<\/h3>\n<p>[\/et_pb_text][et_pb_text _builder_version=&#8221;4.4.8&#8243; text_font=&#8221;|||on|||||&#8221; text_line_height=&#8221;1.5em&#8221; custom_margin=&#8221;0px|0px|0px|0px|false|false&#8221; custom_padding=&#8221;14px|14px|14px|14px|true|true&#8221; border_width_all=&#8221;2px&#8221; border_color_all=&#8221;#ee5005&#8243; border_width_top=&#8221;1px&#8221; border_width_bottom=&#8221;1px&#8221; global_colors_info=&#8221;{}&#8221; theme_builder_area=&#8221;et_body_layout&#8221;]<\/p>\n<div style=\"display: flex; align-items: center; justify-content: space-between;\">\n<div><span><strong>CLASSE<\/strong><\/span><\/div>\n<p>MAMMIF\u00c8RE<\/p>\n<\/div>\n<p>[\/et_pb_text][et_pb_text _builder_version=&#8221;4.14.1&#8243; text_font=&#8221;|||on|||||&#8221; text_line_height=&#8221;1.5em&#8221; custom_margin=&#8221;0px|0px|0px|0px|false|false&#8221; custom_padding=&#8221;14px|14px|14px|14px|true|true&#8221; hover_enabled=&#8221;0&#8243; border_width_all=&#8221;2px&#8221; border_color_all=&#8221;#ee5005&#8243; border_width_top=&#8221;1px&#8221; border_width_bottom=&#8221;1px&#8221; global_colors_info=&#8221;{}&#8221; theme_builder_area=&#8221;et_body_layout&#8221; sticky_enabled=&#8221;0&#8243;]<\/p>\n<div style=\"display: flex; align-items: center; justify-content: space-between;\">\n<div><b>ORDRE<\/b><\/div>\n<p>artiodactyles<\/p>\n<\/div>\n<p>[\/et_pb_text][et_pb_text _builder_version=&#8221;4.14.1&#8243; text_font=&#8221;|||on|||||&#8221; text_line_height=&#8221;1.5em&#8221; custom_margin=&#8221;0px|0px|0px|0px|false|false&#8221; custom_padding=&#8221;14px|14px|14px|14px|true|true&#8221; hover_enabled=&#8221;0&#8243; border_width_all=&#8221;2px&#8221; border_color_all=&#8221;#ee5005&#8243; border_width_top=&#8221;1px&#8221; border_width_bottom=&#8221;1px&#8221; global_colors_info=&#8221;{}&#8221; theme_builder_area=&#8221;et_body_layout&#8221; sticky_enabled=&#8221;0&#8243;]<\/p>\n<div style=\"display: flex; align-items: center; justify-content: space-between;\">\n<div><span><strong>FAMILLE<\/strong><\/span><\/div>\n<p>suid\u00e9s<\/p>\n<\/div>\n<p>[\/et_pb_text][et_pb_text _builder_version=&#8221;4.4.8&#8243; text_font=&#8221;|||on|||||&#8221; text_line_height=&#8221;1.5em&#8221; custom_margin=&#8221;0px|0px|0px|0px|false|false&#8221; custom_padding=&#8221;14px|14px|14px|14px|true|true&#8221; border_width_all=&#8221;2px&#8221; border_color_all=&#8221;#ee5005&#8243; border_width_top=&#8221;1px&#8221; border_width_bottom=&#8221;1px&#8221; global_colors_info=&#8221;{}&#8221; theme_builder_area=&#8221;et_body_layout&#8221;]<\/p>\n<div style=\"display: flex; align-items: center; justify-content: space-between;\">\n<div><b>R\u00c9GIME<\/b><\/div>\n<p>OMNIVORE<\/p>\n<\/div>\n<p>[\/et_pb_text][et_pb_text _builder_version=&#8221;4.14.1&#8243; text_font=&#8221;|||on|||||&#8221; text_line_height=&#8221;1.5em&#8221; custom_margin=&#8221;0px|0px|0px|0px|false|false&#8221; custom_padding=&#8221;14px|14px|14px|14px|true|true&#8221; hover_enabled=&#8221;0&#8243; border_width_all=&#8221;2px&#8221; border_color_all=&#8221;#ee5005&#8243; border_width_top=&#8221;1px&#8221; border_width_bottom=&#8221;1px&#8221; global_colors_info=&#8221;{}&#8221; theme_builder_area=&#8221;et_body_layout&#8221; sticky_enabled=&#8221;0&#8243;]<\/p>\n<div style=\"display: flex; align-items: center; justify-content: space-between;\">\n<div><span><strong>PR\u00c9DATEURS<\/strong><\/span><\/div>\n<p>pas de pr\u00e9dateur<\/p>\n<\/div>\n<p>[\/et_pb_text][\/et_pb_column][\/et_pb_row][\/et_pb_section][et_pb_section fb_built=&#8221;1&#8243; disabled_on=&#8221;on|on|on&#8221; _builder_version=&#8221;4.14.1&#8243; disabled=&#8221;on&#8221; saved_tabs=&#8221;all&#8221; global_colors_info=&#8221;{}&#8221; theme_builder_area=&#8221;et_body_layout&#8221;][et_pb_row _builder_version=&#8221;4.4.8&#8243; custom_padding=&#8221;0px||0px||true|false&#8221; global_colors_info=&#8221;{}&#8221; theme_builder_area=&#8221;et_body_layout&#8221;][et_pb_column type=&#8221;4_4&#8243; _builder_version=&#8221;4.4.3&#8243; global_colors_info=&#8221;{}&#8221; theme_builder_area=&#8221;et_body_layout&#8221;][et_pb_text _builder_version=&#8221;4.4.8&#8243; header_2_text_align=&#8221;center&#8221; header_2_text_color=&#8221;#ee5005&#8243; custom_margin=&#8221;||0px||false|false&#8221; custom_padding=&#8221;||||false|false&#8221; global_colors_info=&#8221;{}&#8221; theme_builder_area=&#8221;et_body_layout&#8221;]<\/p>\n<h2 style=\"text-align: left;\">pr\u00e9servation<\/h2>\n<p>[\/et_pb_text][\/et_pb_column][\/et_pb_row][et_pb_row _builder_version=&#8221;4.4.7&#8243; global_colors_info=&#8221;{}&#8221; theme_builder_area=&#8221;et_body_layout&#8221;][et_pb_column type=&#8221;4_4&#8243; _builder_version=&#8221;4.4.7&#8243; global_colors_info=&#8221;{}&#8221; theme_builder_area=&#8221;et_body_layout&#8221;][et_pb_text _builder_version=&#8221;4.4.8&#8243; global_colors_info=&#8221;{}&#8221; theme_builder_area=&#8221;et_body_layout&#8221;]<\/p>\n<p><span>Lorem ipsum dolor sit amet, consectetur adipiscing elit, sed do eiusmod tempor incididunt ut labore et dolore magna aliqua. Ut enim ad minim veniam, quis nostrud exercitation ullamco laboris nisi ut aliquip ex ea commodo consequat. Duis aute irure dolor in reprehenderit in voluptate velit esse cillum dolore eu fugiat nulla pariatur. Excepteur sint occaecat cupidatat non proident, sunt in culpa qui officia deserunt mollit anim id est laborum.<\/span><\/p>\n<p>[\/et_pb_text][\/et_pb_column][\/et_pb_row][\/et_pb_section][et_pb_section fb_built=&#8221;1&#8243; _builder_version=&#8221;4.4.8&#8243; saved_tabs=&#8221;all&#8221; global_colors_info=&#8221;{}&#8221; theme_builder_area=&#8221;et_body_layout&#8221;][et_pb_row _builder_version=&#8221;4.4.3&#8243; custom_padding=&#8221;0px||0px||true|false&#8221; global_colors_info=&#8221;{}&#8221; theme_builder_area=&#8221;et_body_layout&#8221;][et_pb_column type=&#8221;4_4&#8243; _builder_version=&#8221;4.4.3&#8243; global_colors_info=&#8221;{}&#8221; theme_builder_area=&#8221;et_body_layout&#8221;][et_pb_text _builder_version=&#8221;4.4.8&#8243; header_2_text_align=&#8221;center&#8221; header_2_text_color=&#8221;#ee5005&#8243; custom_margin=&#8221;||0px||false|false&#8221; custom_padding=&#8221;||||false|false&#8221; global_colors_info=&#8221;{}&#8221; theme_builder_area=&#8221;et_body_layout&#8221;]<\/p>\n<h2 style=\"text-align: left;\">LISTE ROUGE DE L&#8217;UICN<\/h2>\n<p>[\/et_pb_text][\/et_pb_column][\/et_pb_row][et_pb_row _builder_version=&#8221;4.4.7&#8243; global_colors_info=&#8221;{}&#8221; theme_builder_area=&#8221;et_body_layout&#8221;][et_pb_column type=&#8221;4_4&#8243; _builder_version=&#8221;4.4.7&#8243; global_colors_info=&#8221;{}&#8221; theme_builder_area=&#8221;et_body_layout&#8221;][et_pb_image src=&#8221;http:\/\/parczooreynou.com\/wp-content\/uploads\/2020\/10\/1_NE.svg&#8221; title_text=&#8221;1_NE&#8221; _builder_version=&#8221;4.14.1&#8243; hover_enabled=&#8221;0&#8243; global_colors_info=&#8221;{}&#8221; theme_builder_area=&#8221;et_body_layout&#8221; sticky_enabled=&#8221;0&#8243;][\/et_pb_image][\/et_pb_column][\/et_pb_row][\/et_pb_section]<\/p>\n","protected":false},"featured_media":5325,"template":"","meta":{"_et_pb_use_builder":"on","_et_pb_old_content":"","_et_gb_content_width":"","inline_featured_image":false},"animal_famille":[565],"animal_continent":[558],"animal_statut":[563],"class_list":["post-5324","animal","type-animal","status-publish","has-post-thumbnail","hentry","animal_famille-ongules","animal_continent-europe","animal_statut-non-evalue"],"yoast_head":"<!-- This site is optimized with the Yoast SEO Premium plugin v24.1 (Yoast SEO v27.5) - https:\/\/yoast.com\/product\/yoast-seo-premium-wordpress\/ -->\n<title>Porc cul noir - Parc Zoo du Reynou<\/title>\n<meta name=\"description\" content=\"Venez d\u00e9couvrir au Parc Zoo du Reynou, le porc cul noir, une esp\u00e8ce de cochon originaire du sud de la Haute-Vienne.\" \/>\n<meta name=\"robots\" content=\"index, follow, max-snippet:-1, max-image-preview:large, max-video-preview:-1\" \/>\n<link rel=\"canonical\" href=\"https:\/\/parczooreynou.com\/en\/animal\/porc-cul-noir\/\" \/>\n<meta property=\"og:locale\" content=\"en_US\" \/>\n<meta property=\"og:type\" content=\"article\" \/>\n<meta property=\"og:title\" content=\"Porc cul noir- Parc Zoo du Reynou\" \/>\n<meta property=\"og:description\" content=\"Venez d\u00e9couvrir au Parc Zoo du Reynou, le porc cul noir, une esp\u00e8ce de cochon originaire du sud de la Haute-Vienne.\" \/>\n<meta property=\"og:url\" content=\"https:\/\/parczooreynou.com\/en\/animal\/porc-cul-noir\/\" \/>\n<meta property=\"og:site_name\" content=\"Parc Zoo du Reynou\" \/>\n<meta property=\"article:publisher\" content=\"https:\/\/www.facebook.com\/Parczooreynou\/\" \/>\n<meta property=\"article:modified_time\" content=\"2022-12-23T11:19:49+00:00\" \/>\n<meta property=\"og:image\" content=\"https:\/\/parczooreynou.com\/wp-content\/uploads\/2020\/11\/porc-cul-noir.jpg\" \/>\n\t<meta property=\"og:image:width\" content=\"1600\" \/>\n\t<meta property=\"og:image:height\" content=\"1062\" \/>\n\t<meta property=\"og:image:type\" content=\"image\/jpeg\" \/>\n<meta name=\"twitter:card\" content=\"summary_large_image\" \/>\n<meta name=\"twitter:title\" content=\"Porc cul noir- Parc Zoo du Reynou\" \/>\n<meta name=\"twitter:description\" content=\"Venez d\u00e9couvrir au Parc Zoo du Reynou, le porc cul noir, une esp\u00e8ce de cochon originaire du sud de la Haute-Vienne.\" \/>\n<meta name=\"twitter:label1\" content=\"Est. reading time\" \/>\n\t<meta name=\"twitter:data1\" content=\"3 minutes\" \/>\n<script type=\"application\/ld+json\" class=\"yoast-schema-graph\">{\"@context\":\"https:\\\/\\\/schema.org\",\"@graph\":[{\"@type\":\"WebPage\",\"@id\":\"https:\\\/\\\/parczooreynou.com\\\/en\\\/animal\\\/porc-cul-noir\\\/\",\"url\":\"https:\\\/\\\/parczooreynou.com\\\/en\\\/animal\\\/porc-cul-noir\\\/\",\"name\":\"Porc cul noir - Parc Zoo du Reynou\",\"isPartOf\":{\"@id\":\"https:\\\/\\\/parczooreynou.com\\\/en\\\/#website\"},\"primaryImageOfPage\":{\"@id\":\"https:\\\/\\\/parczooreynou.com\\\/en\\\/animal\\\/porc-cul-noir\\\/#primaryimage\"},\"image\":{\"@id\":\"https:\\\/\\\/parczooreynou.com\\\/en\\\/animal\\\/porc-cul-noir\\\/#primaryimage\"},\"thumbnailUrl\":\"https:\\\/\\\/parczooreynou.com\\\/wp-content\\\/uploads\\\/2020\\\/11\\\/porc-cul-noir.jpg\",\"datePublished\":\"2020-11-01T18:53:16+00:00\",\"dateModified\":\"2022-12-23T11:19:49+00:00\",\"description\":\"Venez d\u00e9couvrir au Parc Zoo du Reynou, le porc cul noir, une esp\u00e8ce de cochon originaire du sud de la Haute-Vienne.\",\"breadcrumb\":{\"@id\":\"https:\\\/\\\/parczooreynou.com\\\/en\\\/animal\\\/porc-cul-noir\\\/#breadcrumb\"},\"inLanguage\":\"en-US\",\"potentialAction\":[{\"@type\":\"ReadAction\",\"target\":[\"https:\\\/\\\/parczooreynou.com\\\/en\\\/animal\\\/porc-cul-noir\\\/\"]}]},{\"@type\":\"ImageObject\",\"inLanguage\":\"en-US\",\"@id\":\"https:\\\/\\\/parczooreynou.com\\\/en\\\/animal\\\/porc-cul-noir\\\/#primaryimage\",\"url\":\"https:\\\/\\\/parczooreynou.com\\\/wp-content\\\/uploads\\\/2020\\\/11\\\/porc-cul-noir.jpg\",\"contentUrl\":\"https:\\\/\\\/parczooreynou.com\\\/wp-content\\\/uploads\\\/2020\\\/11\\\/porc-cul-noir.jpg\",\"width\":1600,\"height\":1062},{\"@type\":\"BreadcrumbList\",\"@id\":\"https:\\\/\\\/parczooreynou.com\\\/en\\\/animal\\\/porc-cul-noir\\\/#breadcrumb\",\"itemListElement\":[{\"@type\":\"ListItem\",\"position\":1,\"name\":\"Accueil\",\"item\":\"https:\\\/\\\/parczooreynou.com\\\/en\\\/\"},{\"@type\":\"ListItem\",\"position\":2,\"name\":\"Animaux\",\"item\":\"https:\\\/\\\/parczooreynou.com\\\/en\\\/animal\\\/\"},{\"@type\":\"ListItem\",\"position\":3,\"name\":\"Porc cul noir\"}]},{\"@type\":\"WebSite\",\"@id\":\"https:\\\/\\\/parczooreynou.com\\\/en\\\/#website\",\"url\":\"https:\\\/\\\/parczooreynou.com\\\/en\\\/\",\"name\":\"Parc Zoo du Reynou\",\"description\":\"\",\"publisher\":{\"@id\":\"https:\\\/\\\/parczooreynou.com\\\/en\\\/#organization\"},\"potentialAction\":[{\"@type\":\"SearchAction\",\"target\":{\"@type\":\"EntryPoint\",\"urlTemplate\":\"https:\\\/\\\/parczooreynou.com\\\/en\\\/?s={search_term_string}\"},\"query-input\":{\"@type\":\"PropertyValueSpecification\",\"valueRequired\":true,\"valueName\":\"search_term_string\"}}],\"inLanguage\":\"en-US\"},{\"@type\":\"Organization\",\"@id\":\"https:\\\/\\\/parczooreynou.com\\\/en\\\/#organization\",\"name\":\"Parc Zoo du Reynou\",\"url\":\"https:\\\/\\\/parczooreynou.com\\\/en\\\/\",\"logo\":{\"@type\":\"ImageObject\",\"inLanguage\":\"en-US\",\"@id\":\"https:\\\/\\\/parczooreynou.com\\\/en\\\/#\\\/schema\\\/logo\\\/image\\\/\",\"url\":\"https:\\\/\\\/parczooreynou.com\\\/wp-content\\\/uploads\\\/2020\\\/03\\\/LOGOTYPE_REYNOU.svg\",\"contentUrl\":\"https:\\\/\\\/parczooreynou.com\\\/wp-content\\\/uploads\\\/2020\\\/03\\\/LOGOTYPE_REYNOU.svg\",\"width\":66,\"height\":57,\"caption\":\"Parc Zoo du Reynou\"},\"image\":{\"@id\":\"https:\\\/\\\/parczooreynou.com\\\/en\\\/#\\\/schema\\\/logo\\\/image\\\/\"},\"sameAs\":[\"https:\\\/\\\/www.facebook.com\\\/Parczooreynou\\\/\",\"https:\\\/\\\/www.instagram.com\\\/parczooreynou\\\/\"]}]}<\/script>\n<!-- \/ Yoast SEO Premium plugin. -->","yoast_head_json":{"title":"Porc cul noir - Parc Zoo du Reynou","description":"Venez d\u00e9couvrir au Parc Zoo du Reynou, le porc cul noir, une esp\u00e8ce de cochon originaire du sud de la Haute-Vienne.","robots":{"index":"index","follow":"follow","max-snippet":"max-snippet:-1","max-image-preview":"max-image-preview:large","max-video-preview":"max-video-preview:-1"},"canonical":"https:\/\/parczooreynou.com\/en\/animal\/porc-cul-noir\/","og_locale":"en_US","og_type":"article","og_title":"Porc cul noir- Parc Zoo du Reynou","og_description":"Venez d\u00e9couvrir au Parc Zoo du Reynou, le porc cul noir, une esp\u00e8ce de cochon originaire du sud de la Haute-Vienne.","og_url":"https:\/\/parczooreynou.com\/en\/animal\/porc-cul-noir\/","og_site_name":"Parc Zoo du Reynou","article_publisher":"https:\/\/www.facebook.com\/Parczooreynou\/","article_modified_time":"2022-12-23T11:19:49+00:00","og_image":[{"width":1600,"height":1062,"url":"https:\/\/parczooreynou.com\/wp-content\/uploads\/2020\/11\/porc-cul-noir.jpg","type":"image\/jpeg"}],"twitter_card":"summary_large_image","twitter_title":"Porc cul noir- Parc Zoo du Reynou","twitter_description":"Venez d\u00e9couvrir au Parc Zoo du Reynou, le porc cul noir, une esp\u00e8ce de cochon originaire du sud de la Haute-Vienne.","twitter_misc":{"Est. reading time":"3 minutes"},"schema":{"@context":"https:\/\/schema.org","@graph":[{"@type":"WebPage","@id":"https:\/\/parczooreynou.com\/en\/animal\/porc-cul-noir\/","url":"https:\/\/parczooreynou.com\/en\/animal\/porc-cul-noir\/","name":"Porc cul noir - Parc Zoo du Reynou","isPartOf":{"@id":"https:\/\/parczooreynou.com\/en\/#website"},"primaryImageOfPage":{"@id":"https:\/\/parczooreynou.com\/en\/animal\/porc-cul-noir\/#primaryimage"},"image":{"@id":"https:\/\/parczooreynou.com\/en\/animal\/porc-cul-noir\/#primaryimage"},"thumbnailUrl":"https:\/\/parczooreynou.com\/wp-content\/uploads\/2020\/11\/porc-cul-noir.jpg","datePublished":"2020-11-01T18:53:16+00:00","dateModified":"2022-12-23T11:19:49+00:00","description":"Venez d\u00e9couvrir au Parc Zoo du Reynou, le porc cul noir, une esp\u00e8ce de cochon originaire du sud de la Haute-Vienne.","breadcrumb":{"@id":"https:\/\/parczooreynou.com\/en\/animal\/porc-cul-noir\/#breadcrumb"},"inLanguage":"en-US","potentialAction":[{"@type":"ReadAction","target":["https:\/\/parczooreynou.com\/en\/animal\/porc-cul-noir\/"]}]},{"@type":"ImageObject","inLanguage":"en-US","@id":"https:\/\/parczooreynou.com\/en\/animal\/porc-cul-noir\/#primaryimage","url":"https:\/\/parczooreynou.com\/wp-content\/uploads\/2020\/11\/porc-cul-noir.jpg","contentUrl":"https:\/\/parczooreynou.com\/wp-content\/uploads\/2020\/11\/porc-cul-noir.jpg","width":1600,"height":1062},{"@type":"BreadcrumbList","@id":"https:\/\/parczooreynou.com\/en\/animal\/porc-cul-noir\/#breadcrumb","itemListElement":[{"@type":"ListItem","position":1,"name":"Accueil","item":"https:\/\/parczooreynou.com\/en\/"},{"@type":"ListItem","position":2,"name":"Animaux","item":"https:\/\/parczooreynou.com\/en\/animal\/"},{"@type":"ListItem","position":3,"name":"Porc cul noir"}]},{"@type":"WebSite","@id":"https:\/\/parczooreynou.com\/en\/#website","url":"https:\/\/parczooreynou.com\/en\/","name":"Parc Zoo du Reynou","description":"","publisher":{"@id":"https:\/\/parczooreynou.com\/en\/#organization"},"potentialAction":[{"@type":"SearchAction","target":{"@type":"EntryPoint","urlTemplate":"https:\/\/parczooreynou.com\/en\/?s={search_term_string}"},"query-input":{"@type":"PropertyValueSpecification","valueRequired":true,"valueName":"search_term_string"}}],"inLanguage":"en-US"},{"@type":"Organization","@id":"https:\/\/parczooreynou.com\/en\/#organization","name":"Parc Zoo du Reynou","url":"https:\/\/parczooreynou.com\/en\/","logo":{"@type":"ImageObject","inLanguage":"en-US","@id":"https:\/\/parczooreynou.com\/en\/#\/schema\/logo\/image\/","url":"https:\/\/parczooreynou.com\/wp-content\/uploads\/2020\/03\/LOGOTYPE_REYNOU.svg","contentUrl":"https:\/\/parczooreynou.com\/wp-content\/uploads\/2020\/03\/LOGOTYPE_REYNOU.svg","width":66,"height":57,"caption":"Parc Zoo du Reynou"},"image":{"@id":"https:\/\/parczooreynou.com\/en\/#\/schema\/logo\/image\/"},"sameAs":["https:\/\/www.facebook.com\/Parczooreynou\/","https:\/\/www.instagram.com\/parczooreynou\/"]}]}},"_links":{"self":[{"href":"https:\/\/parczooreynou.com\/en\/wp-json\/wp\/v2\/animal\/5324","targetHints":{"allow":["GET"]}}],"collection":[{"href":"https:\/\/parczooreynou.com\/en\/wp-json\/wp\/v2\/animal"}],"about":[{"href":"https:\/\/parczooreynou.com\/en\/wp-json\/wp\/v2\/types\/animal"}],"wp:featuredmedia":[{"embeddable":true,"href":"https:\/\/parczooreynou.com\/en\/wp-json\/wp\/v2\/media\/5325"}],"wp:attachment":[{"href":"https:\/\/parczooreynou.com\/en\/wp-json\/wp\/v2\/media?parent=5324"}],"wp:term":[{"taxonomy":"animal_famille","embeddable":true,"href":"https:\/\/parczooreynou.com\/en\/wp-json\/wp\/v2\/animal_famille?post=5324"},{"taxonomy":"animal_continent","embeddable":true,"href":"https:\/\/parczooreynou.com\/en\/wp-json\/wp\/v2\/animal_continent?post=5324"},{"taxonomy":"animal_statut","embeddable":true,"href":"https:\/\/parczooreynou.com\/en\/wp-json\/wp\/v2\/animal_statut?post=5324"}],"curies":[{"name":"wp","href":"https:\/\/api.w.org\/{rel}","templated":true}]}}